{"id":126,"date":"2016-06-22T15:06:48","date_gmt":"2016-06-22T15:06:48","guid":{"rendered":"http:\/\/min-bordeaux-brienne.fr\/?page_id=126"},"modified":"2025-12-22T12:00:42","modified_gmt":"2025-12-22T11:00:42","slug":"tarifs","status":"publish","type":"page","link":"https:\/\/min-bordeaux-brienne.fr\/es\/tarifs\/","title":{"rendered":"Tarifas"},"content":{"rendered":"[vc_row][vc_column][vc_column_text]\n<h3>TARIFAS DE SUSCRIPCI\u00d3N \u2013 A\u00d1O 2016<\/h3>\n<p>Profesionales de frutas y verduras (presentaci\u00f3n obligatoria de nota simple del Registro Mercantil):[\/vc_column_text][mk_table]\n<table width=\"100%\">\n<thead>\n<tr>\n<th>Categor\u00eda de veh\u00edculo<\/th>\n<th>Tarifa IVA incluido<\/th>\n<\/tr>\n<\/thead>\n<tbody>\n<tr>\n<td><strong>Suscripci\u00f3n anual<\/strong><br \/>\nVeh\u00edculo est\u00e1ndar<\/td>\n<td>174,00 \u20ac<\/td>\n<\/tr>\n<tr>\n<td>Suscripci\u00f3n <strong>1 mes<\/strong><br \/>\nVeh\u00edculo est\u00e1ndar<\/td>\n<td>26,00 \u20ac<\/td>\n<\/tr>\n<tr>\n<td>Suscripci\u00f3n <strong>3 meses<\/strong><br \/>\nVeh\u00edculo est\u00e1ndar<\/td>\n<td>70,00 \u20ac<\/td>\n<\/tr>\n<tr>\n<td>Suscripci\u00f3n <strong>6 <\/strong><strong>meses<\/strong><br \/>\nVeh\u00edculo est\u00e1ndar<\/td>\n<td>117,00 \u20ac<\/td>\n<\/tr>\n<tr>\n<td><strong>Suscripci\u00f3n anual<\/strong><br \/>\nVeh\u00edculo, peso m\u00e1ximo <strong>2000 Kg<\/strong><\/td>\n<td>271,35 \u20ac<\/td>\n<\/tr>\n<tr>\n<td>Suscripci\u00f3n <strong>1 <\/strong><strong>mes<\/strong><br \/>\nVeh\u00edculo, peso m\u00e1ximo <strong>2000 Kg<\/strong><\/td>\n<td>40,00 \u20ac<\/td>\n<\/tr>\n<tr>\n<td>Suscripci\u00f3n <strong>3 <\/strong><strong>meses<\/strong><br \/>\nVeh\u00edculo, peso m\u00e1ximo <strong>2000 Kg<\/strong><\/td>\n<td>110,00 \u20ac<\/td>\n<\/tr>\n<tr>\n<td>Suscripci\u00f3n <strong>6 <\/strong><strong>meses<\/strong><br \/>\nVeh\u00edculo, peso m\u00e1ximo <strong>2000 Kg<\/strong><\/td>\n<td>180,00 \u20ac<\/td>\n<\/tr>\n<tr>\n<td><strong>Suscripci\u00f3n anual<\/strong><br \/>\nVeh\u00edculo, peso m\u00e1ximo <strong>2001 a 7000 Kg<br \/>\n<\/strong><\/td>\n<td>423,41 \u20ac<\/td>\n<\/tr>\n<tr>\n<td>Suscripci\u00f3n <strong>1 <\/strong><strong>mes<\/strong><br \/>\nVeh\u00edculo, peso m\u00e1ximo <strong>2001 a 7000 Kg<\/strong><\/td>\n<td>63,00 \u20ac<\/td>\n<\/tr>\n<tr>\n<td>Suscripci\u00f3n <strong>3 <\/strong><strong>meses<\/strong><br \/>\nVeh\u00edculo de<strong> 2001 a 7000 Kg<\/strong><\/td>\n<td>173,00 \u20ac<\/td>\n<\/tr>\n<tr>\n<td>Suscripci\u00f3n <strong>6 <\/strong><strong>meses<\/strong><br \/>\nVeh\u00edculo de<strong> 2001 a 7000 Kg<\/strong><\/td>\n<td>280,00 \u20ac<\/td>\n<\/tr>\n<\/tbody>\n<\/table>\n[\/mk_table][\/vc_column][\/vc_row][vc_row][vc_column width=\u00bb1\/2&#8243;][vc_column_text align=\u00bbcenter\u00bb]\n<h4>Fianza para atribuci\u00f3n de la tarjeta de acceso autom\u00e1tico:<\/h4>\n<p><strong>15,10 \u20ac<\/strong>[\/vc_column_text][\/vc_column][vc_column width=\u00bb1\/2&#8243;][vc_column_text disable_pattern=\u00bbfalse\u00bb align=\u00bbcenter\u00bb]\n<h4>Restituci\u00f3n de la tarjeta de acceso tras p\u00e9rdida o deterioro:<\/h4>\n<p><strong>22,70 \u20ac<\/strong>[\/vc_column_text][\/vc_column][\/vc_row][vc_row][vc_column][vc_column_text]\n<h3>TICKETS A\u00d1O 2016<\/h3>\n<p>Profesionales de Frutas y Verduras.[\/vc_column_text][mk_table]\n<table width=\"100%\">\n<thead>\n<tr>\n<th>Categor\u00eda de veh\u00edculo<\/th>\n<th>Precio de ticket IVA incluido<\/th>\n<th>Cada tickets IVA incluido<\/th>\n<th colspan=\"2\">Acceso permanente<\/th>\n<\/tr>\n<\/thead>\n<tbody>\n<tr>\n<td><\/td>\n<td><\/td>\n<td><\/td>\n<td>Hasta 10 veh\u00edculos<\/td>\n<td>Tras los 10 primeros veh\u00edculos, sin restricciones<\/td>\n<\/tr>\n<tr>\n<td>Veh\u00edculo est\u00e1ndar<\/td>\n<td>2,80 \u20ac<\/td>\n<td>25,30 \u20ac<\/td>\n<td><\/td>\n<td><\/td>\n<\/tr>\n<tr>\n<td>Veh\u00edculo, peso m\u00e1ximo 2000 kg<\/td>\n<td>4,80 \u20ac<\/td>\n<td>42,30 \u20ac<\/td>\n<td><\/td>\n<td><\/td>\n<\/tr>\n<tr>\n<td>Veh\u00edculo de 2001 \u00e0 7000 kg<\/td>\n<td>7,70 \u20ac<\/td>\n<td>69,30 \u20ac<\/td>\n<td><\/td>\n<td><\/td>\n<\/tr>\n<tr>\n<td>Camiones con remolques y semi-remolques de m\u00e1s de 7000 kg<\/td>\n<td>13,80 \u20ac<\/td>\n<td>124,20 \u20ac<\/td>\n<td>6 585,16 \u20ac<\/td>\n<td>1 542,17 \u20ac<\/td>\n<\/tr>\n<tr>\n<td style=\"text-align: center;\"><strong>Suscripci\u00f3n especial para minoristas:<br \/>\n<\/strong><\/td>\n<td><\/td>\n<td><\/td>\n<td><\/td>\n<td><\/td>\n<\/tr>\n<tr>\n<td>Veh\u00edculo est\u00e1ndar<\/td>\n<td><\/td>\n<td><\/td>\n<td><\/td>\n<td><\/td>\n<\/tr>\n<tr>\n<td>Veh\u00edculo, peso m\u00e1ximo 2000 kg<\/td>\n<td><\/td>\n<td><\/td>\n<td><\/td>\n<td><\/td>\n<\/tr>\n<tr>\n<td>Veh\u00edculo de 2001 \u00e0 7000 kg<\/td>\n<td><\/td>\n<td><\/td>\n<td><\/td>\n<td><\/td>\n<\/tr>\n<\/tbody>\n<\/table>\n[\/mk_table][\/vc_column][\/vc_row]","protected":false},"excerpt":{"rendered":"<p>[vc_row][vc_column][vc_column_text] TARIFAS DE SUSCRIPCI\u00d3N \u2013 A\u00d1O 2016 Profesionales de frutas y verduras (presentaci\u00f3n obligatoria de nota simple del Registro Mercantil):[\/vc_column_text][mk_table] Categor\u00eda de veh\u00edculo Tarifa IVA incluido Suscripci\u00f3n anual Veh\u00edculo est\u00e1ndar 174,00 \u20ac Suscripci\u00f3n 1 mes Veh\u00edculo est\u00e1ndar 26,00 \u20ac Suscripci\u00f3n 3 meses Veh\u00edculo est\u00e1ndar 70,00 \u20ac Suscripci\u00f3n 6 meses Veh\u00edculo est\u00e1ndar 117,00 \u20ac Suscripci\u00f3n anual [&hellip;]<\/p>\n","protected":false},"author":2,"featured_media":0,"parent":0,"menu_order":0,"comment_status":"closed","ping_status":"closed","template":"","meta":{"footnotes":""},"class_list":["post-126","page","type-page","status-publish","hentry"],"_links":{"self":[{"href":"https:\/\/min-bordeaux-brienne.fr\/es\/wp-json\/wp\/v2\/pages\/126","targetHints":{"allow":["GET"]}}],"collection":[{"href":"https:\/\/min-bordeaux-brienne.fr\/es\/wp-json\/wp\/v2\/pages"}],"about":[{"href":"https:\/\/min-bordeaux-brienne.fr\/es\/wp-json\/wp\/v2\/types\/page"}],"author":[{"embeddable":true,"href":"https:\/\/min-bordeaux-brienne.fr\/es\/wp-json\/wp\/v2\/users\/2"}],"replies":[{"embeddable":true,"href":"https:\/\/min-bordeaux-brienne.fr\/es\/wp-json\/wp\/v2\/comments?post=126"}],"version-history":[{"count":39,"href":"https:\/\/min-bordeaux-brienne.fr\/es\/wp-json\/wp\/v2\/pages\/126\/revisions"}],"predecessor-version":[{"id":1714,"href":"https:\/\/min-bordeaux-brienne.fr\/es\/wp-json\/wp\/v2\/pages\/126\/revisions\/1714"}],"wp:attachment":[{"href":"https:\/\/min-bordeaux-brienne.fr\/es\/wp-json\/wp\/v2\/media?parent=126"}],"curies":[{"name":"wp","href":"https:\/\/api.w.org\/{rel}","templated":true}]}}